{"id":14689,"date":"2021-02-15T12:50:23","date_gmt":"2021-02-15T12:50:23","guid":{"rendered":"http:\/\/escolaturbula.com\/oferta-educativa\/bachillerato\/bachillerato-orientado-al-cfgs\/"},"modified":"2021-02-15T12:50:28","modified_gmt":"2021-02-15T12:50:28","slug":"bachillerato-orientado-al-cfgs","status":"publish","type":"page","link":"https:\/\/escolaturbula.com\/es\/oferta-educativa\/bachillerato\/bachillerato-orientado-al-cfgs\/","title":{"rendered":"Bachillerato orientado al CFGS"},"content":{"rendered":"<div class=\"wpb-content-wrapper\"><p>[vc_row full_width=&#8221;stretch_row_content_no_spaces&#8221; el_class=&#8221;submenu-turbula&#8221; css=&#8221;.vc_custom_1595849160640{background-color: #0274c8 !important;}&#8221;][vc_column css=&#8221;.vc_custom_1594811756530{margin-top: 0px !important;}&#8221;][vc_wp_custommenu nav_menu=&#8221;6563&#8243;][\/vc_column][\/vc_row][vc_row css=&#8221;.vc_custom_1595923894303{padding-top: 6% !important;padding-bottom: 2% !important;}&#8221;][vc_column width=&#8221;1\/6&#8243;][\/vc_column][vc_column width=&#8221;2\/3&#8243;][vc_column_text el_class=&#8221;subtitle-turbula&#8221; css=&#8221;.vc_custom_1610970084447{margin-bottom: 0px !important;}&#8221;]<\/p>\n<h6 class=\"subtitle-turbula\" style=\"text-align: center;\">acceder a un Ciclo Formativo de Grado Superior<\/h6>\n<p>[\/vc_column_text][vc_column_text css_animation=&#8221;fadeInUp&#8221; css=&#8221;.vc_custom_1610971481083{padding-bottom: 10px !important;}&#8221;]<\/p>\n<h2 class=\"title-turbula\" style=\"text-align: center;\">Bachillerato orientado al CFGS<\/h2>\n<p>[\/vc_column_text][vc_column_text]<b>\u00bfPor qu\u00e9 este es mi itinerario?<\/b><\/p>\n<ul>\n<li style=\"font-weight: 400;\" aria-level=\"1\"><span style=\"font-weight: 400;\">Quieres acceder a un Ciclo Formativo de Grado Superior.<\/span><\/li>\n<li style=\"font-weight: 400;\" aria-level=\"1\"><span style=\"font-weight: 400;\">El bachillerato es la mejor v\u00eda: es la m\u00e1s r\u00e1pida y la que te asegura un mayor n\u00famero de plazas y preferencia a los CFGS (60%!).<\/span><\/li>\n<li style=\"font-weight: 400;\" aria-level=\"1\"><span style=\"font-weight: 400;\">Si quieres hacer uno de nuestros CFGS en la escuela T\u00farbula o a otro Centro y quieres asegurarte la plaza esta formaci\u00f3n es la que necesitas.<\/span><\/li>\n<li style=\"font-weight: 400;\" aria-level=\"1\"><span style=\"font-weight: 400;\">Nuestros ciclos cuentan con las tasas de inserci\u00f3n laboral m\u00e1s altas.<\/span><\/li>\n<li style=\"font-weight: 400;\" aria-level=\"1\"><span style=\"font-weight: 400;\">A\u00fan no tienes las cosas claras: \u00a1sigue estudiando! Hoy en d\u00eda es misi\u00f3n imposible encontrar trabajo sin estudios superiores. Sigue form\u00e1ndote y llega directamente a un grado superior en tan s\u00f3lo dos a\u00f1os.<\/span><\/li>\n<li style=\"font-weight: 400;\" aria-level=\"1\"><span style=\"font-weight: 400;\">Cuando lo acabes lo tendr\u00e1s todo claro porque habr\u00e1s recibido asesoramiento y habr\u00e1s madurado y podr\u00e1s elegir con m\u00e1s seguridad tu futuro acad\u00e9mico y profesional.<\/span><\/li>\n<\/ul>\n<p>[\/vc_column_text][\/vc_column][vc_column width=&#8221;1\/6&#8243;][\/vc_column][\/vc_row][vc_row][vc_column width=&#8221;1\/2&#8243;][vc_column_text]<\/p>\n<div class=\"table-1\" style=\"padding-top: 5%;\">\n<table width=\"100%\">\n<thead>\n<tr>\n<th style=\"background-color: #1b80b6; color: white;\" align=\"left\"><strong>MATERIAS COMUNES<\/strong><\/th>\n<th style=\"background-color: #1b80b6; color: white;\" align=\"left\"><strong>PRIMERO<\/strong><\/th>\n<th style=\"background-color: #1b80b6; color: white;\" align=\"left\"><strong>SEGUNDO<\/strong><\/th>\n<\/tr>\n<\/thead>\n<tbody>\n<tr>\n<td align=\"left\">Lengua Catalana y Literatura<\/td>\n<td align=\"left\">2<\/td>\n<td align=\"left\">2<\/td>\n<\/tr>\n<tr>\n<td align=\"left\">Lengua Castellana y Literatura<\/td>\n<td align=\"left\">2<\/td>\n<td align=\"left\">2<\/td>\n<\/tr>\n<tr>\n<td align=\"left\">Lengua Extranjera<\/td>\n<td align=\"left\">3<\/td>\n<td align=\"left\">3<\/td>\n<\/tr>\n<tr>\n<td align=\"left\">Educaci\u00f3n F\u00edsica<\/td>\n<td align=\"left\">2<\/td>\n<td align=\"left\">0<\/td>\n<\/tr>\n<tr>\n<td align=\"left\">Filosof\u00eda<\/td>\n<td align=\"left\">2<\/td>\n<td align=\"left\">0<\/td>\n<\/tr>\n<tr>\n<td align=\"left\">Ciencias para el mundo contempor\u00e1neo<\/td>\n<td align=\"left\">2<\/td>\n<td align=\"left\">0<\/td>\n<\/tr>\n<tr>\n<td align=\"left\">Historia de la Filosofia<\/td>\n<td align=\"left\">0<\/td>\n<td align=\"left\">3<\/td>\n<\/tr>\n<tr>\n<td align=\"left\">Historia<\/td>\n<td align=\"left\">0<\/td>\n<td align=\"left\">3<\/td>\n<\/tr>\n<tr>\n<td align=\"left\">Tutor\u00eda<\/td>\n<td align=\"left\">1<\/td>\n<td align=\"left\">1<\/td>\n<\/tr>\n<\/tbody>\n<\/table>\n<\/div>\n<p>&nbsp;[\/vc_column_text][\/vc_column][vc_column width=&#8221;1\/2&#8243;][vc_column_text]<\/p>\n<div class=\"table-1\" style=\"padding-top: 5%;\">\n<table width=\"100%\">\n<thead>\n<tr>\n<th style=\"background-color: #1b80b6; color: white;\" align=\"left\"><strong>HUMANIDADES Y CIENCIAS SOCIALES<\/strong><\/th>\n<th style=\"background-color: #1b80b6; color: white;\" align=\"left\"><strong>PRIMERO<\/strong><\/th>\n<th style=\"background-color: #1b80b6; color: white;\" align=\"left\"><strong>SEGUNDO<\/strong><\/th>\n<\/tr>\n<\/thead>\n<tbody>\n<tr>\n<td align=\"left\">Matem\u00e1ticas ciencias sociales (obligatoria)<\/td>\n<td align=\"left\">4<\/td>\n<td align=\"left\">4<\/td>\n<\/tr>\n<tr>\n<td align=\"left\">Literatura castellana<\/td>\n<td align=\"left\">2<\/td>\n<td align=\"left\">2<\/td>\n<\/tr>\n<tr>\n<td align=\"left\">Historia del mundo contempor\u00e1neo<\/td>\n<td align=\"left\">4<\/td>\n<td align=\"left\">0<\/td>\n<\/tr>\n<tr>\n<td align=\"left\">Pr\u00e1cticas en empresa (Marzo-Junio)<\/td>\n<td align=\"left\">140<\/td>\n<td align=\"left\">0<\/td>\n<\/tr>\n<tr>\n<td align=\"left\">Geograf\u00eda<\/td>\n<td align=\"left\">0<\/td>\n<td align=\"left\">4<\/td>\n<\/tr>\n<tr>\n<td align=\"left\">Psicolog\u00eda y Sociolog\u00eda<\/td>\n<td align=\"left\">0<\/td>\n<td align=\"left\">4<\/td>\n<\/tr>\n<\/tbody>\n<\/table>\n<\/div>\n<p>&nbsp;[\/vc_column_text][\/vc_column][\/vc_row][vc_row css=&#8221;.vc_custom_1595923894303{padding-top: 6% !important;padding-bottom: 2% !important;}&#8221;][vc_column width=&#8221;1\/6&#8243;][\/vc_column][vc_column width=&#8221;2\/3&#8243;][vc_column_text el_class=&#8221;subtitle-turbula&#8221; css=&#8221;.vc_custom_1610970211509{margin-bottom: 0px !important;}&#8221;]<\/p>\n<h6 class=\"subtitle-turbula\" style=\"text-align: center;\"><b>Rasgos m\u00e1s significativos<\/b><\/h6>\n<p>[\/vc_column_text][vc_column_text css_animation=&#8221;fadeInUp&#8221; css=&#8221;.vc_custom_1610970225347{padding-bottom: 10px !important;}&#8221;]<\/p>\n<h2 class=\"title-turbula\" style=\"text-align: center;\">Atenci\u00f3n al alumnado<\/h2>\n<p>[\/vc_column_text][vc_column_text]<\/p>\n<ul>\n<li style=\"font-weight: 400;\" aria-level=\"1\"><span style=\"font-weight: 400;\">Acompa\u00f1amiento en los dos a\u00f1os del Bachillerato con el objetivo de alcanzar el \u00e9xito esperado.<\/span><\/li>\n<li style=\"font-weight: 400;\" aria-level=\"1\"><span style=\"font-weight: 400;\">Atenci\u00f3n individual ante las diferentes situaciones que puedan producirse a lo largo de esta etapa.<\/span><\/li>\n<li style=\"font-weight: 400;\" aria-level=\"1\"><span style=\"font-weight: 400;\">Atenci\u00f3n psicol\u00f3gica a trav\u00e9s del departamento de orientaci\u00f3n del Centro.<\/span><\/li>\n<li style=\"font-weight: 400;\" aria-level=\"1\"><span style=\"font-weight: 400;\">Tutorizaci\u00f3n de cada asignatura a trav\u00e9s del profesor-tutor de \u00e1rea.<\/span><\/li>\n<li style=\"font-weight: 400;\" aria-level=\"1\"><span style=\"font-weight: 400;\">Acompa\u00f1amiento en el proceso de aprendizaje a trav\u00e9s de material espec\u00edfico, v\u00eddeos, presentaciones, e-mail, etc.<\/span><\/li>\n<li style=\"font-weight: 400;\" aria-level=\"1\"><span style=\"font-weight: 400;\">Disponibilidad continua del profesorado consulta sobre tus necesidades.<\/span><\/li>\n<li style=\"font-weight: 400;\" aria-level=\"1\"><span style=\"font-weight: 400;\">Atenci\u00f3n a los padres y madres a trav\u00e9s de reuniones, entrevistas, tel\u00e9fono, e-mail, el programa Clikedu, etc.<\/span><\/li>\n<li style=\"font-weight: 400;\" aria-level=\"1\"><span style=\"font-weight: 400;\">Comunicaci\u00f3n de la asistencia a clases de forma diaria.<\/span><\/li>\n<li style=\"font-weight: 400;\" aria-level=\"1\"><span style=\"font-weight: 400;\">Organizaci\u00f3n de salidas, viajes, visitas a Entidades y Universidades en la hora de tutor\u00eda grupal.<\/span><\/li>\n<li style=\"font-weight: 400;\" aria-level=\"1\"><span style=\"font-weight: 400;\">Proyecto de ingl\u00e9s con el objetivo de conseguir el nivel First o equivalente.<\/span><\/li>\n<\/ul>\n<p>&nbsp;[\/vc_column_text][\/vc_column][vc_column width=&#8221;1\/6&#8243;][\/vc_column][\/vc_row][vc_row full_width=&#8221;stretch_row&#8221; content_placement=&#8221;middle&#8221; css=&#8221;.vc_custom_1608629489440{margin-top: 9% !important;padding-top: 2% !important;padding-bottom: 2% !important;background-image: url(http:\/\/escolaturbula.com\/wp-content\/uploads\/2020\/12\/escola-turbula-cta-contactos-ninos.jpg?id=12701) !important;background-position: center !important;background-repeat: no-repeat !important;background-size: cover !important;}&#8221; el_class=&#8221;thim-bg-overlay cta-contact&#8221;][vc_column][vc_row_inner equal_height=&#8221;yes&#8221; content_placement=&#8221;middle&#8221;][vc_column_inner width=&#8221;1\/2&#8243;][vc_column_text el_class=&#8221;subtitle-turbula&#8221; css=&#8221;.vc_custom_1611837012008{margin-bottom: 0px !important;}&#8221;]<\/p>\n<h6 class=\"subtitle-turbula\" style=\"text-align: left;\"><span style=\"color: #ffffff;\">CONTACTOS<\/span><\/h6>\n<p>[\/vc_column_text][vc_column_text css_animation=&#8221;fadeInUp&#8221; css=&#8221;.vc_custom_1608554249617{padding-bottom: 10px !important;}&#8221;]<\/p>\n<h2 class=\"title-turbula\" style=\"text-align: left;\"><span style=\"color: #ffffff;\">\u00bfQuieres contactar con nosotros?<\/span><\/h2>\n<p>[\/vc_column_text][\/vc_column_inner][vc_column_inner el_class=&#8221;cta-contactanos-button&#8221; width=&#8221;1\/2&#8243;]<div class=\"thim-widget-button template-base\"><a class=\"widget-button very-rounded medium custom_style position-after\" href=\"\/turbula-test\/es\/contactos\/\" style=\"font-size: 14px;border-width: 1px;color: #ffffff;border-color: #ffffff;background-color: rgba(0,0,0,0.01);\" data-hover=\"font-size: 14px;border-width: 1px;color: #0274c8;border-color: #1e73be;background-color: #ffffff;\">CONT\u00c1CTANOS<i class=\"fas fa-envelope\" style=\"font-size: 14px;\"><\/i> <\/a><\/div>[\/vc_column_inner][\/vc_row_inner][vc_row_inner content_placement=&#8221;middle&#8221; css=&#8221;.vc_custom_1608555702803{padding-top: 20px !important;padding-bottom: 20px !important;}&#8221;][vc_column_inner width=&#8221;1\/6&#8243;][\/vc_column_inner][vc_column_inner el_class=&#8221;social-contacts&#8221; width=&#8221;4\/6&#8243;][vc_column_text el_class=&#8221;cta-text&#8221;]<\/p>\n<p style=\"font-size: 1.3em; text-align: left; display: inline-block;\"><span style=\"color: #2970aa;\"><strong>S\u00edguenos en las redes sociales:<\/strong><\/span><\/p>\n<p>[\/vc_column_text]<div class=\"vc-extral_class cta-social\"><div class=\"thim-widget-social template-base\"><div class=\"thim-social style-4\">\n\t\t<ul class=\"social_link\">\n\t\t<li><a class=\"facebook hasTooltip\" href=\"https:\/\/www.facebook.com\/escola.turbula.oficial\" target=\"_blank\"><i class=\"fa fa-facebook\"><\/i><\/a><\/li><li><a class=\"twitter hasTooltip\" href=\"https:\/\/twitter.com\/turbula?lang=es\" target=\"_blank\" ><i class=\"fa fa-x-twitter\"><\/i><\/a><\/li><li><a class=\"instagram hasTooltip\" href=\"https:\/\/www.instagram.com\/turbulaescola\/\" target=\"_blank\" ><i class=\"fa fa-instagram\"><\/i><\/a><\/li><li><a class=\"youtube hasTooltip\" href=\"https:\/\/www.youtube.com\/user\/TurbulaTV\" target=\"_blank\" ><i class=\"fa fa-youtube\"><\/i><\/a><\/li>\t<\/ul>\n<\/div><\/div><\/div>[\/vc_column_inner][vc_column_inner width=&#8221;1\/6&#8243;][\/vc_column_inner][\/vc_row_inner][\/vc_column][\/vc_row]<\/p>\n<\/div>","protected":false},"excerpt":{"rendered":"<p>[vc_row full_width=&#8221;stretch_row_content_no_spaces&#8221; el_class=&#8221;submenu-turbula&#8221; css=&#8221;.vc_custom_1595849160640{background-color: #0274c8 !important;}&#8221;][vc_column css=&#8221;.vc_custom_1594811756530{margin-top: 0px !important;}&#8221;][vc_wp_custommenu nav_menu=&#8221;6563&#8243;][\/vc_column][\/vc_row][vc_row css=&#8221;.vc_custom_1595923894303{padding-top: 6% !important;padding-bottom: 2% !important;}&#8221;][vc_column width=&#8221;1\/6&#8243;][\/vc_column][vc_column width=&#8221;2\/3&#8243;][vc_column_text el_class=&#8221;subtitle-turbula&#8221; css=&#8221;.vc_custom_1610970084447{margin-bottom: 0px !important;}&#8221;] acceder a un Ciclo Formativo de Grado Superior [\/vc_column_text][vc_column_text css_animation=&#8221;fadeInUp&#8221; css=&#8221;.vc_custom_1610971481083{padding-bottom: 10px !important;}&#8221;] Bachillerato orientado al CFGS [\/vc_column_text][vc_column_text]\u00bfPor qu\u00e9 &hellip; <\/p>\n","protected":false},"author":1,"featured_media":0,"parent":14661,"menu_order":0,"comment_status":"closed","ping_status":"closed","template":"","meta":{"footnotes":""},"class_list":["post-14689","page","type-page","status-publish","hentry"],"yoast_head":"<!-- This site is optimized with the Yoast SEO plugin v27.4 - https:\/\/yoast.com\/product\/yoast-seo-wordpress\/ -->\n<title>Bachillerato orientado al CFGS - Escola T\u00farbula<\/title>\n<meta name=\"robots\" content=\"index, follow, max-snippet:-1, max-image-preview:large, max-video-preview:-1\" \/>\n<link rel=\"canonical\" href=\"https:\/\/escolaturbula.com\/oferta-educativa\/batxillerat\/batxillerat-orientat-al-cfgs\/\" \/>\n<meta property=\"og:locale\" content=\"es_ES\" \/>\n<meta property=\"og:type\" content=\"article\" \/>\n<meta property=\"og:title\" content=\"Bachillerato orientado al CFGS - Escola T\u00farbula\" \/>\n<meta property=\"og:description\" content=\"[vc_row full_width=&#8221;stretch_row_content_no_spaces&#8221; el_class=&#8221;submenu-turbula&#8221; css=&#8221;.vc_custom_1595849160640{background-color: #0274c8 !important;}&#8221;][vc_column css=&#8221;.vc_custom_1594811756530{margin-top: 0px !important;}&#8221;][vc_wp_custommenu nav_menu=&#8221;6563&#8243;][\/vc_column][\/vc_row][vc_row css=&#8221;.vc_custom_1595923894303{padding-top: 6% !important;padding-bottom: 2% !important;}&#8221;][vc_column width=&#8221;1\/6&#8243;][\/vc_column][vc_column width=&#8221;2\/3&#8243;][vc_column_text el_class=&#8221;subtitle-turbula&#8221; css=&#8221;.vc_custom_1610970084447{margin-bottom: 0px !important;}&#8221;] acceder a un Ciclo Formativo de Grado Superior [\/vc_column_text][vc_column_text css_animation=&#8221;fadeInUp&#8221; css=&#8221;.vc_custom_1610971481083{padding-bottom: 10px !important;}&#8221;] Bachillerato orientado al CFGS [\/vc_column_text][vc_column_text]\u00bfPor qu\u00e9 &hellip;\" \/>\n<meta property=\"og:url\" content=\"https:\/\/escolaturbula.com\/oferta-educativa\/batxillerat\/batxillerat-orientat-al-cfgs\/\" \/>\n<meta property=\"og:site_name\" content=\"Escola T\u00farbula\" \/>\n<meta property=\"article:publisher\" content=\"https:\/\/www.facebook.com\/escola.turbula.oficial\/\" \/>\n<meta property=\"article:modified_time\" content=\"2021-02-15T12:50:28+00:00\" \/>\n<meta name=\"twitter:card\" content=\"summary_large_image\" \/>\n<meta name=\"twitter:site\" content=\"@turbula\" \/>\n<meta name=\"twitter:label1\" content=\"Tiempo de lectura\" \/>\n\t<meta name=\"twitter:data1\" content=\"4 minutos\" \/>\n<script type=\"application\/ld+json\" class=\"yoast-schema-graph\">{\"@context\":\"https:\\\/\\\/schema.org\",\"@graph\":[{\"@type\":\"WebPage\",\"@id\":\"https:\\\/\\\/escolaturbula.com\\\/oferta-educativa\\\/batxillerat\\\/batxillerat-orientat-al-cfgs\\\/\",\"url\":\"https:\\\/\\\/escolaturbula.com\\\/oferta-educativa\\\/batxillerat\\\/batxillerat-orientat-al-cfgs\\\/\",\"name\":\"Bachillerato orientado al CFGS - Escola T\u00farbula\",\"isPartOf\":{\"@id\":\"https:\\\/\\\/escolaturbula.com\\\/es\\\/#website\"},\"datePublished\":\"2021-02-15T12:50:23+00:00\",\"dateModified\":\"2021-02-15T12:50:28+00:00\",\"breadcrumb\":{\"@id\":\"https:\\\/\\\/escolaturbula.com\\\/oferta-educativa\\\/batxillerat\\\/batxillerat-orientat-al-cfgs\\\/#breadcrumb\"},\"inLanguage\":\"es\",\"potentialAction\":[{\"@type\":\"ReadAction\",\"target\":[\"https:\\\/\\\/escolaturbula.com\\\/oferta-educativa\\\/batxillerat\\\/batxillerat-orientat-al-cfgs\\\/\"]}]},{\"@type\":\"BreadcrumbList\",\"@id\":\"https:\\\/\\\/escolaturbula.com\\\/oferta-educativa\\\/batxillerat\\\/batxillerat-orientat-al-cfgs\\\/#breadcrumb\",\"itemListElement\":[{\"@type\":\"ListItem\",\"position\":1,\"name\":\"Oferta educativa\",\"item\":\"https:\\\/\\\/escolaturbula.com\\\/oferta-educativa\\\/\"},{\"@type\":\"ListItem\",\"position\":2,\"name\":\"Bachillerato\",\"item\":\"https:\\\/\\\/escolaturbula.com\\\/oferta-educativa\\\/batxillerat\\\/\"},{\"@type\":\"ListItem\",\"position\":3,\"name\":\"Bachillerato orientado al CFGS\"}]},{\"@type\":\"WebSite\",\"@id\":\"https:\\\/\\\/escolaturbula.com\\\/es\\\/#website\",\"url\":\"https:\\\/\\\/escolaturbula.com\\\/es\\\/\",\"name\":\"Escola Turbula\",\"description\":\"Colegio privado en Sant Adri\u00e0 de Bes\u00f2s, Barcelona\",\"publisher\":{\"@id\":\"https:\\\/\\\/escolaturbula.com\\\/es\\\/#organization\"},\"alternateName\":\"Escola Turbula\",\"potentialAction\":[{\"@type\":\"SearchAction\",\"target\":{\"@type\":\"EntryPoint\",\"urlTemplate\":\"https:\\\/\\\/escolaturbula.com\\\/es\\\/?s={search_term_string}\"},\"query-input\":{\"@type\":\"PropertyValueSpecification\",\"valueRequired\":true,\"valueName\":\"search_term_string\"}}],\"inLanguage\":\"es\"},{\"@type\":\"Organization\",\"@id\":\"https:\\\/\\\/escolaturbula.com\\\/es\\\/#organization\",\"name\":\"Escola Turbula\",\"alternateName\":\"Escola Turbula\",\"url\":\"https:\\\/\\\/escolaturbula.com\\\/es\\\/\",\"logo\":{\"@type\":\"ImageObject\",\"inLanguage\":\"es\",\"@id\":\"https:\\\/\\\/escolaturbula.com\\\/es\\\/#\\\/schema\\\/logo\\\/image\\\/\",\"url\":\"https:\\\/\\\/escolaturbula.com\\\/wp-content\\\/uploads\\\/2015\\\/07\\\/logo_trbl-1.png\",\"contentUrl\":\"https:\\\/\\\/escolaturbula.com\\\/wp-content\\\/uploads\\\/2015\\\/07\\\/logo_trbl-1.png\",\"width\":282,\"height\":75,\"caption\":\"Escola Turbula\"},\"image\":{\"@id\":\"https:\\\/\\\/escolaturbula.com\\\/es\\\/#\\\/schema\\\/logo\\\/image\\\/\"},\"sameAs\":[\"https:\\\/\\\/www.facebook.com\\\/escola.turbula.oficial\\\/\",\"https:\\\/\\\/x.com\\\/turbula\"]}]}<\/script>\n<!-- \/ Yoast SEO plugin. -->","yoast_head_json":{"title":"Bachillerato orientado al CFGS - Escola T\u00farbula","robots":{"index":"index","follow":"follow","max-snippet":"max-snippet:-1","max-image-preview":"max-image-preview:large","max-video-preview":"max-video-preview:-1"},"canonical":"https:\/\/escolaturbula.com\/oferta-educativa\/batxillerat\/batxillerat-orientat-al-cfgs\/","og_locale":"es_ES","og_type":"article","og_title":"Bachillerato orientado al CFGS - Escola T\u00farbula","og_description":"[vc_row full_width=&#8221;stretch_row_content_no_spaces&#8221; el_class=&#8221;submenu-turbula&#8221; css=&#8221;.vc_custom_1595849160640{background-color: #0274c8 !important;}&#8221;][vc_column css=&#8221;.vc_custom_1594811756530{margin-top: 0px !important;}&#8221;][vc_wp_custommenu nav_menu=&#8221;6563&#8243;][\/vc_column][\/vc_row][vc_row css=&#8221;.vc_custom_1595923894303{padding-top: 6% !important;padding-bottom: 2% !important;}&#8221;][vc_column width=&#8221;1\/6&#8243;][\/vc_column][vc_column width=&#8221;2\/3&#8243;][vc_column_text el_class=&#8221;subtitle-turbula&#8221; css=&#8221;.vc_custom_1610970084447{margin-bottom: 0px !important;}&#8221;] acceder a un Ciclo Formativo de Grado Superior [\/vc_column_text][vc_column_text css_animation=&#8221;fadeInUp&#8221; css=&#8221;.vc_custom_1610971481083{padding-bottom: 10px !important;}&#8221;] Bachillerato orientado al CFGS [\/vc_column_text][vc_column_text]\u00bfPor qu\u00e9 &hellip;","og_url":"https:\/\/escolaturbula.com\/oferta-educativa\/batxillerat\/batxillerat-orientat-al-cfgs\/","og_site_name":"Escola T\u00farbula","article_publisher":"https:\/\/www.facebook.com\/escola.turbula.oficial\/","article_modified_time":"2021-02-15T12:50:28+00:00","twitter_card":"summary_large_image","twitter_site":"@turbula","twitter_misc":{"Tiempo de lectura":"4 minutos"},"schema":{"@context":"https:\/\/schema.org","@graph":[{"@type":"WebPage","@id":"https:\/\/escolaturbula.com\/oferta-educativa\/batxillerat\/batxillerat-orientat-al-cfgs\/","url":"https:\/\/escolaturbula.com\/oferta-educativa\/batxillerat\/batxillerat-orientat-al-cfgs\/","name":"Bachillerato orientado al CFGS - Escola T\u00farbula","isPartOf":{"@id":"https:\/\/escolaturbula.com\/es\/#website"},"datePublished":"2021-02-15T12:50:23+00:00","dateModified":"2021-02-15T12:50:28+00:00","breadcrumb":{"@id":"https:\/\/escolaturbula.com\/oferta-educativa\/batxillerat\/batxillerat-orientat-al-cfgs\/#breadcrumb"},"inLanguage":"es","potentialAction":[{"@type":"ReadAction","target":["https:\/\/escolaturbula.com\/oferta-educativa\/batxillerat\/batxillerat-orientat-al-cfgs\/"]}]},{"@type":"BreadcrumbList","@id":"https:\/\/escolaturbula.com\/oferta-educativa\/batxillerat\/batxillerat-orientat-al-cfgs\/#breadcrumb","itemListElement":[{"@type":"ListItem","position":1,"name":"Oferta educativa","item":"https:\/\/escolaturbula.com\/oferta-educativa\/"},{"@type":"ListItem","position":2,"name":"Bachillerato","item":"https:\/\/escolaturbula.com\/oferta-educativa\/batxillerat\/"},{"@type":"ListItem","position":3,"name":"Bachillerato orientado al CFGS"}]},{"@type":"WebSite","@id":"https:\/\/escolaturbula.com\/es\/#website","url":"https:\/\/escolaturbula.com\/es\/","name":"Escola Turbula","description":"Colegio privado en Sant Adri\u00e0 de Bes\u00f2s, Barcelona","publisher":{"@id":"https:\/\/escolaturbula.com\/es\/#organization"},"alternateName":"Escola Turbula","potentialAction":[{"@type":"SearchAction","target":{"@type":"EntryPoint","urlTemplate":"https:\/\/escolaturbula.com\/es\/?s={search_term_string}"},"query-input":{"@type":"PropertyValueSpecification","valueRequired":true,"valueName":"search_term_string"}}],"inLanguage":"es"},{"@type":"Organization","@id":"https:\/\/escolaturbula.com\/es\/#organization","name":"Escola Turbula","alternateName":"Escola Turbula","url":"https:\/\/escolaturbula.com\/es\/","logo":{"@type":"ImageObject","inLanguage":"es","@id":"https:\/\/escolaturbula.com\/es\/#\/schema\/logo\/image\/","url":"https:\/\/escolaturbula.com\/wp-content\/uploads\/2015\/07\/logo_trbl-1.png","contentUrl":"https:\/\/escolaturbula.com\/wp-content\/uploads\/2015\/07\/logo_trbl-1.png","width":282,"height":75,"caption":"Escola Turbula"},"image":{"@id":"https:\/\/escolaturbula.com\/es\/#\/schema\/logo\/image\/"},"sameAs":["https:\/\/www.facebook.com\/escola.turbula.oficial\/","https:\/\/x.com\/turbula"]}]}},"_links":{"self":[{"href":"https:\/\/escolaturbula.com\/es\/wp-json\/wp\/v2\/pages\/14689","targetHints":{"allow":["GET"]}}],"collection":[{"href":"https:\/\/escolaturbula.com\/es\/wp-json\/wp\/v2\/pages"}],"about":[{"href":"https:\/\/escolaturbula.com\/es\/wp-json\/wp\/v2\/types\/page"}],"author":[{"embeddable":true,"href":"https:\/\/escolaturbula.com\/es\/wp-json\/wp\/v2\/users\/1"}],"replies":[{"embeddable":true,"href":"https:\/\/escolaturbula.com\/es\/wp-json\/wp\/v2\/comments?post=14689"}],"version-history":[{"count":0,"href":"https:\/\/escolaturbula.com\/es\/wp-json\/wp\/v2\/pages\/14689\/revisions"}],"up":[{"embeddable":true,"href":"https:\/\/escolaturbula.com\/es\/wp-json\/wp\/v2\/pages\/14661"}],"wp:attachment":[{"href":"https:\/\/escolaturbula.com\/es\/wp-json\/wp\/v2\/media?parent=14689"}],"curies":[{"name":"wp","href":"https:\/\/api.w.org\/{rel}","templated":true}]}}